{"id":127,"date":"2020-09-06T22:04:06","date_gmt":"2020-09-06T22:04:06","guid":{"rendered":"http:\/\/www.ortoarrels.es\/?page_id=127"},"modified":"2021-06-01T17:31:56","modified_gmt":"2021-06-01T17:31:56","slug":"productos-y-servicios","status":"publish","type":"page","link":"https:\/\/ortoarrels.es\/index.php\/productos-y-servicios\/","title":{"rendered":"Productos y Servicios"},"content":{"rendered":"\n<h3 class=\"has-text-color wp-block-heading\" style=\"color:#02465a\"><strong>Ortesis plantares personalizadas a medida y fabricadas en nuestro taller a partir del estudio de la pisada. <\/strong><\/h3>\n\n\n\n<figure class=\"wp-block-gallery columns-2 is-cropped wp-block-gallery-1 is-layout-flex wp-block-gallery-is-layout-flex\"><ul class=\"blocks-gallery-grid\"><li class=\"blocks-gallery-item\"><figure><img loading=\"lazy\" decoding=\"async\" width=\"1024\" height=\"683\" src=\"https:\/\/www.ortoarrels.es\/wp-content\/uploads\/2020\/09\/webarrels-26-1024x683.jpg\" alt=\"\" data-id=\"128\" class=\"wp-image-128\" srcset=\"https:\/\/ortoarrels.es\/wp-content\/uploads\/2020\/09\/webarrels-26-1024x683.jpg 1024w, https:\/\/ortoarrels.es\/wp-content\/uploads\/2020\/09\/webarrels-26-350x233.jpg 350w, https:\/\/ortoarrels.es\/wp-content\/uploads\/2020\/09\/webarrels-26-300x200.jpg 300w, https:\/\/ortoarrels.es\/wp-content\/uploads\/2020\/09\/webarrels-26-768x512.jpg 768w, https:\/\/ortoarrels.es\/wp-content\/uploads\/2020\/09\/webarrels-26-1536x1024.jpg 1536w, https:\/\/ortoarrels.es\/wp-content\/uploads\/2020\/09\/webarrels-26.jpg 1920w\" sizes=\"auto, (max-width: 767px) 89vw, (max-width: 1000px) 54vw, (max-width: 1071px) 543px, 580px\" \/><\/figure><\/li><li class=\"blocks-gallery-item\"><figure><img loading=\"lazy\" decoding=\"async\" width=\"1024\" height=\"683\" src=\"https:\/\/www.ortoarrels.es\/wp-content\/uploads\/2020\/09\/webarrels-49-1024x683.jpg\" alt=\"\" data-id=\"130\" class=\"wp-image-130\" srcset=\"https:\/\/ortoarrels.es\/wp-content\/uploads\/2020\/09\/webarrels-49-1024x683.jpg 1024w, https:\/\/ortoarrels.es\/wp-content\/uploads\/2020\/09\/webarrels-49-350x233.jpg 350w, https:\/\/ortoarrels.es\/wp-content\/uploads\/2020\/09\/webarrels-49-300x200.jpg 300w, https:\/\/ortoarrels.es\/wp-content\/uploads\/2020\/09\/webarrels-49-768x512.jpg 768w, https:\/\/ortoarrels.es\/wp-content\/uploads\/2020\/09\/webarrels-49-1536x1024.jpg 1536w, https:\/\/ortoarrels.es\/wp-content\/uploads\/2020\/09\/webarrels-49.jpg 1920w\" sizes=\"auto, (max-width: 767px) 89vw, (max-width: 1000px) 54vw, (max-width: 1071px) 543px, 580px\" \/><\/figure><\/li><\/ul><\/figure>\n\n\n\n<p>Tenemos en cuenta las necesidades espec\u00edficas de cada paciente, adaptando en cada caso los dise\u00f1os y materiales.<\/p>\n\n\n\n<figure class=\"wp-block-image size-large\"><img loading=\"lazy\" decoding=\"async\" width=\"683\" height=\"1024\" src=\"https:\/\/www.ortoarrels.es\/wp-content\/uploads\/2020\/09\/webarrels-47-683x1024.jpg\" alt=\"\" class=\"wp-image-129\" srcset=\"https:\/\/ortoarrels.es\/wp-content\/uploads\/2020\/09\/webarrels-47-683x1024.jpg 683w, https:\/\/ortoarrels.es\/wp-content\/uploads\/2020\/09\/webarrels-47-350x525.jpg 350w, https:\/\/ortoarrels.es\/wp-content\/uploads\/2020\/09\/webarrels-47-200x300.jpg 200w, https:\/\/ortoarrels.es\/wp-content\/uploads\/2020\/09\/webarrels-47-768x1152.jpg 768w, https:\/\/ortoarrels.es\/wp-content\/uploads\/2020\/09\/webarrels-47-1024x1536.jpg 1024w, https:\/\/ortoarrels.es\/wp-content\/uploads\/2020\/09\/webarrels-47.jpg 1280w\" sizes=\"auto, (max-width: 683px) 100vw, 683px\" \/><\/figure>\n\n\n\n<p>Confeccionamos una amplia gama de dise\u00f1os para tratar una gran variedad de patolog\u00edas, tales como: metatarsalgias, fascitis plantar, espol\u00f3n calc\u00e1neo, pronaci\u00f3n, supinaci\u00f3n, dismetr\u00edas, talalgias, artritis, genu valgo-varo, tendinitis, etc.<\/p>\n\n\n\n<p>Las <strong>Plantillas Deportivas<\/strong> que fabricamos tienen como principal objetivo dar estabilidad para prevenir esguinces, distribuir presiones, prevenir posibles lesiones y disminuir la fatiga, adem\u00e1s de tratar las patolog\u00edas descritas anteriormente.<\/p>\n\n\n\n<h3 class=\"has-text-color wp-block-heading\" style=\"color:#02465a\"><strong>La venta especializada de calzado terap\u00e9utico para pies delicados es otra de nuestras especialidades.<\/strong><\/h3>\n\n\n\n<figure class=\"wp-block-image size-large\"><img loading=\"lazy\" decoding=\"async\" width=\"1024\" height=\"683\" src=\"https:\/\/www.ortoarrels.es\/wp-content\/uploads\/2020\/09\/webarrels-13-1024x683.jpg\" alt=\"\" class=\"wp-image-131\" srcset=\"https:\/\/ortoarrels.es\/wp-content\/uploads\/2020\/09\/webarrels-13-1024x683.jpg 1024w, https:\/\/ortoarrels.es\/wp-content\/uploads\/2020\/09\/webarrels-13-350x233.jpg 350w, https:\/\/ortoarrels.es\/wp-content\/uploads\/2020\/09\/webarrels-13-300x200.jpg 300w, https:\/\/ortoarrels.es\/wp-content\/uploads\/2020\/09\/webarrels-13-768x512.jpg 768w, https:\/\/ortoarrels.es\/wp-content\/uploads\/2020\/09\/webarrels-13-1536x1024.jpg 1536w, https:\/\/ortoarrels.es\/wp-content\/uploads\/2020\/09\/webarrels-13.jpg 1920w\" sizes=\"auto, (max-width: 767px) 89vw, (max-width: 1000px) 54vw, (max-width: 1071px) 543px, 580px\" \/><\/figure>\n\n\n\n<p>La experiencia en el sector y la amplia gama de nuestro calzado ortop\u00e9dico hace que, sea cual sea el problema, podamos ofrecer el calzado m\u00e1s apropiado para cada caso. Destacamos el calzado para pie diab\u00e9tico, reum\u00e1tico o artr\u00edtico, fabricado a base de pieles naturales flexibles y durables y con materiales el\u00e1sticos de m\u00e1xima calidad.<\/p>\n\n\n\n<figure class=\"wp-block-image size-large\"><img loading=\"lazy\" decoding=\"async\" width=\"683\" height=\"1024\" src=\"https:\/\/www.ortoarrels.es\/wp-content\/uploads\/2020\/09\/webarrels-39-683x1024.jpg\" alt=\"\" class=\"wp-image-132\" srcset=\"https:\/\/ortoarrels.es\/wp-content\/uploads\/2020\/09\/webarrels-39-683x1024.jpg 683w, https:\/\/ortoarrels.es\/wp-content\/uploads\/2020\/09\/webarrels-39-350x525.jpg 350w, https:\/\/ortoarrels.es\/wp-content\/uploads\/2020\/09\/webarrels-39-200x300.jpg 200w, https:\/\/ortoarrels.es\/wp-content\/uploads\/2020\/09\/webarrels-39-768x1152.jpg 768w, https:\/\/ortoarrels.es\/wp-content\/uploads\/2020\/09\/webarrels-39-1024x1536.jpg 1024w, https:\/\/ortoarrels.es\/wp-content\/uploads\/2020\/09\/webarrels-39.jpg 1280w\" sizes=\"auto, (max-width: 683px) 100vw, 683px\" \/><\/figure>\n\n\n\n<p>En Arrels Ortopedia T\u00e9cnica trabajamos con dise\u00f1os especiales que aportan gran comodidad y suavidad. Contamos con una amplia gama de calzado anat\u00f3mico que se adapta perfectamente a tu pisada, proporcionando un gran confort a cada paso.<\/p>\n\n\n\n<figure class=\"wp-block-gallery aligncenter columns-2 wp-block-gallery-2 is-layout-flex wp-block-gallery-is-layout-flex\"><ul class=\"blocks-gallery-grid\"><li class=\"blocks-gallery-item\"><figure><img loading=\"lazy\" decoding=\"async\" width=\"683\" height=\"1024\" src=\"https:\/\/www.ortoarrels.es\/wp-content\/uploads\/2020\/09\/webarrels-44-683x1024.jpg\" alt=\"\" data-id=\"133\" data-full-url=\"https:\/\/www.ortoarrels.es\/wp-content\/uploads\/2020\/09\/webarrels-44.jpg\" data-link=\"https:\/\/www.ortoarrels.es\/?attachment_id=133\" class=\"wp-image-133\" srcset=\"https:\/\/ortoarrels.es\/wp-content\/uploads\/2020\/09\/webarrels-44-683x1024.jpg 683w, https:\/\/ortoarrels.es\/wp-content\/uploads\/2020\/09\/webarrels-44-350x525.jpg 350w, https:\/\/ortoarrels.es\/wp-content\/uploads\/2020\/09\/webarrels-44-200x300.jpg 200w, https:\/\/ortoarrels.es\/wp-content\/uploads\/2020\/09\/webarrels-44-768x1152.jpg 768w, https:\/\/ortoarrels.es\/wp-content\/uploads\/2020\/09\/webarrels-44-1024x1536.jpg 1024w, https:\/\/ortoarrels.es\/wp-content\/uploads\/2020\/09\/webarrels-44.jpg 1280w\" sizes=\"auto, (max-width: 683px) 100vw, 683px\" \/><\/figure><\/li><li class=\"blocks-gallery-item\"><figure><img loading=\"lazy\" decoding=\"async\" width=\"683\" height=\"1024\" src=\"https:\/\/www.ortoarrels.es\/wp-content\/uploads\/2020\/09\/webarrels-33-683x1024.jpg\" alt=\"\" data-id=\"137\" data-full-url=\"https:\/\/www.ortoarrels.es\/wp-content\/uploads\/2020\/09\/webarrels-33.jpg\" data-link=\"https:\/\/www.ortoarrels.es\/?attachment_id=137\" class=\"wp-image-137\" srcset=\"https:\/\/ortoarrels.es\/wp-content\/uploads\/2020\/09\/webarrels-33-683x1024.jpg 683w, https:\/\/ortoarrels.es\/wp-content\/uploads\/2020\/09\/webarrels-33-350x525.jpg 350w, https:\/\/ortoarrels.es\/wp-content\/uploads\/2020\/09\/webarrels-33-200x300.jpg 200w, https:\/\/ortoarrels.es\/wp-content\/uploads\/2020\/09\/webarrels-33-768x1152.jpg 768w, https:\/\/ortoarrels.es\/wp-content\/uploads\/2020\/09\/webarrels-33-1024x1536.jpg 1024w, https:\/\/ortoarrels.es\/wp-content\/uploads\/2020\/09\/webarrels-33.jpg 1280w\" sizes=\"auto, (max-width: 683px) 100vw, 683px\" \/><\/figure><\/li><li class=\"blocks-gallery-item\"><figure><img loading=\"lazy\" decoding=\"async\" width=\"683\" height=\"1024\" src=\"https:\/\/www.ortoarrels.es\/wp-content\/uploads\/2020\/09\/webarrels-34-683x1024.jpg\" alt=\"\" data-id=\"135\" data-full-url=\"https:\/\/www.ortoarrels.es\/wp-content\/uploads\/2020\/09\/webarrels-34.jpg\" data-link=\"https:\/\/www.ortoarrels.es\/?attachment_id=135\" class=\"wp-image-135\" srcset=\"https:\/\/ortoarrels.es\/wp-content\/uploads\/2020\/09\/webarrels-34-683x1024.jpg 683w, https:\/\/ortoarrels.es\/wp-content\/uploads\/2020\/09\/webarrels-34-350x525.jpg 350w, https:\/\/ortoarrels.es\/wp-content\/uploads\/2020\/09\/webarrels-34-200x300.jpg 200w, https:\/\/ortoarrels.es\/wp-content\/uploads\/2020\/09\/webarrels-34-768x1152.jpg 768w, https:\/\/ortoarrels.es\/wp-content\/uploads\/2020\/09\/webarrels-34-1024x1536.jpg 1024w, https:\/\/ortoarrels.es\/wp-content\/uploads\/2020\/09\/webarrels-34.jpg 1280w\" sizes=\"auto, (max-width: 683px) 100vw, 683px\" \/><\/figure><\/li><li class=\"blocks-gallery-item\"><figure><img loading=\"lazy\" decoding=\"async\" width=\"683\" height=\"1024\" src=\"https:\/\/www.ortoarrels.es\/wp-content\/uploads\/2020\/09\/webarrels-45-683x1024.jpg\" alt=\"\" data-id=\"134\" data-full-url=\"https:\/\/www.ortoarrels.es\/wp-content\/uploads\/2020\/09\/webarrels-45.jpg\" data-link=\"https:\/\/www.ortoarrels.es\/?attachment_id=134\" class=\"wp-image-134\" srcset=\"https:\/\/ortoarrels.es\/wp-content\/uploads\/2020\/09\/webarrels-45-683x1024.jpg 683w, https:\/\/ortoarrels.es\/wp-content\/uploads\/2020\/09\/webarrels-45-350x525.jpg 350w, https:\/\/ortoarrels.es\/wp-content\/uploads\/2020\/09\/webarrels-45-200x300.jpg 200w, https:\/\/ortoarrels.es\/wp-content\/uploads\/2020\/09\/webarrels-45-768x1152.jpg 768w, https:\/\/ortoarrels.es\/wp-content\/uploads\/2020\/09\/webarrels-45-1024x1536.jpg 1024w, https:\/\/ortoarrels.es\/wp-content\/uploads\/2020\/09\/webarrels-45.jpg 1280w\" sizes=\"auto, (max-width: 683px) 100vw, 683px\" \/><\/figure><\/li><li class=\"blocks-gallery-item\"><figure><img loading=\"lazy\" decoding=\"async\" width=\"683\" height=\"1024\" src=\"https:\/\/www.ortoarrels.es\/wp-content\/uploads\/2020\/09\/webarrels-32-683x1024.jpg\" alt=\"\" data-id=\"138\" data-full-url=\"https:\/\/www.ortoarrels.es\/wp-content\/uploads\/2020\/09\/webarrels-32.jpg\" data-link=\"https:\/\/www.ortoarrels.es\/?attachment_id=138\" class=\"wp-image-138\" srcset=\"https:\/\/ortoarrels.es\/wp-content\/uploads\/2020\/09\/webarrels-32-683x1024.jpg 683w, https:\/\/ortoarrels.es\/wp-content\/uploads\/2020\/09\/webarrels-32-350x525.jpg 350w, https:\/\/ortoarrels.es\/wp-content\/uploads\/2020\/09\/webarrels-32-200x300.jpg 200w, https:\/\/ortoarrels.es\/wp-content\/uploads\/2020\/09\/webarrels-32-768x1152.jpg 768w, https:\/\/ortoarrels.es\/wp-content\/uploads\/2020\/09\/webarrels-32-1024x1536.jpg 1024w, https:\/\/ortoarrels.es\/wp-content\/uploads\/2020\/09\/webarrels-32.jpg 1280w\" sizes=\"auto, (max-width: 683px) 100vw, 683px\" \/><\/figure><\/li><li class=\"blocks-gallery-item\"><figure><img loading=\"lazy\" decoding=\"async\" width=\"683\" height=\"1024\" src=\"https:\/\/www.ortoarrels.es\/wp-content\/uploads\/2020\/09\/webarrels-30-683x1024.jpg\" alt=\"\" data-id=\"139\" data-full-url=\"https:\/\/www.ortoarrels.es\/wp-content\/uploads\/2020\/09\/webarrels-30.jpg\" data-link=\"https:\/\/www.ortoarrels.es\/?attachment_id=139\" class=\"wp-image-139\" srcset=\"https:\/\/ortoarrels.es\/wp-content\/uploads\/2020\/09\/webarrels-30-683x1024.jpg 683w, https:\/\/ortoarrels.es\/wp-content\/uploads\/2020\/09\/webarrels-30-350x525.jpg 350w, https:\/\/ortoarrels.es\/wp-content\/uploads\/2020\/09\/webarrels-30-200x300.jpg 200w, https:\/\/ortoarrels.es\/wp-content\/uploads\/2020\/09\/webarrels-30-768x1152.jpg 768w, https:\/\/ortoarrels.es\/wp-content\/uploads\/2020\/09\/webarrels-30-1024x1536.jpg 1024w, https:\/\/ortoarrels.es\/wp-content\/uploads\/2020\/09\/webarrels-30.jpg 1280w\" sizes=\"auto, (max-width: 683px) 100vw, 683px\" \/><\/figure><\/li><li class=\"blocks-gallery-item\"><figure><img loading=\"lazy\" decoding=\"async\" width=\"683\" height=\"1024\" src=\"https:\/\/www.ortoarrels.es\/wp-content\/uploads\/2020\/09\/webarrels-35-683x1024.jpg\" alt=\"\" data-id=\"136\" data-full-url=\"https:\/\/www.ortoarrels.es\/wp-content\/uploads\/2020\/09\/webarrels-35.jpg\" data-link=\"https:\/\/www.ortoarrels.es\/?attachment_id=136\" class=\"wp-image-136\" srcset=\"https:\/\/ortoarrels.es\/wp-content\/uploads\/2020\/09\/webarrels-35-683x1024.jpg 683w, https:\/\/ortoarrels.es\/wp-content\/uploads\/2020\/09\/webarrels-35-350x525.jpg 350w, https:\/\/ortoarrels.es\/wp-content\/uploads\/2020\/09\/webarrels-35-200x300.jpg 200w, https:\/\/ortoarrels.es\/wp-content\/uploads\/2020\/09\/webarrels-35-768x1152.jpg 768w, https:\/\/ortoarrels.es\/wp-content\/uploads\/2020\/09\/webarrels-35-1024x1536.jpg 1024w, https:\/\/ortoarrels.es\/wp-content\/uploads\/2020\/09\/webarrels-35.jpg 1280w\" sizes=\"auto, (max-width: 683px) 100vw, 683px\" \/><\/figure><\/li><li class=\"blocks-gallery-item\"><figure><img loading=\"lazy\" decoding=\"async\" width=\"683\" height=\"1024\" src=\"https:\/\/www.ortoarrels.es\/wp-content\/uploads\/2020\/09\/webarrels-10-683x1024.jpg\" alt=\"\" data-id=\"142\" data-full-url=\"https:\/\/www.ortoarrels.es\/wp-content\/uploads\/2020\/09\/webarrels-10.jpg\" data-link=\"https:\/\/www.ortoarrels.es\/?attachment_id=142\" class=\"wp-image-142\" srcset=\"https:\/\/ortoarrels.es\/wp-content\/uploads\/2020\/09\/webarrels-10-683x1024.jpg 683w, https:\/\/ortoarrels.es\/wp-content\/uploads\/2020\/09\/webarrels-10-350x525.jpg 350w, https:\/\/ortoarrels.es\/wp-content\/uploads\/2020\/09\/webarrels-10-200x300.jpg 200w, https:\/\/ortoarrels.es\/wp-content\/uploads\/2020\/09\/webarrels-10-768x1152.jpg 768w, https:\/\/ortoarrels.es\/wp-content\/uploads\/2020\/09\/webarrels-10-1024x1536.jpg 1024w, https:\/\/ortoarrels.es\/wp-content\/uploads\/2020\/09\/webarrels-10.jpg 1280w\" sizes=\"auto, (max-width: 683px) 100vw, 683px\" \/><\/figure><\/li><li class=\"blocks-gallery-item\"><figure><img loading=\"lazy\" decoding=\"async\" width=\"1024\" height=\"683\" src=\"https:\/\/www.ortoarrels.es\/wp-content\/uploads\/2020\/09\/webarrels-27-1024x683.jpg\" alt=\"\" data-id=\"140\" data-full-url=\"https:\/\/www.ortoarrels.es\/wp-content\/uploads\/2020\/09\/webarrels-27.jpg\" data-link=\"https:\/\/www.ortoarrels.es\/?attachment_id=140\" class=\"wp-image-140\" srcset=\"https:\/\/ortoarrels.es\/wp-content\/uploads\/2020\/09\/webarrels-27-1024x683.jpg 1024w, https:\/\/ortoarrels.es\/wp-content\/uploads\/2020\/09\/webarrels-27-350x233.jpg 350w, https:\/\/ortoarrels.es\/wp-content\/uploads\/2020\/09\/webarrels-27-300x200.jpg 300w, https:\/\/ortoarrels.es\/wp-content\/uploads\/2020\/09\/webarrels-27-768x512.jpg 768w, https:\/\/ortoarrels.es\/wp-content\/uploads\/2020\/09\/webarrels-27-1536x1024.jpg 1536w, https:\/\/ortoarrels.es\/wp-content\/uploads\/2020\/09\/webarrels-27.jpg 1920w\" sizes=\"auto, (max-width: 767px) 89vw, (max-width: 1000px) 54vw, (max-width: 1071px) 543px, 580px\" \/><\/figure><\/li><li class=\"blocks-gallery-item\"><figure><img loading=\"lazy\" decoding=\"async\" width=\"1024\" height=\"683\" src=\"https:\/\/www.ortoarrels.es\/wp-content\/uploads\/2020\/09\/webarrels-11-1024x683.jpg\" alt=\"\" data-id=\"141\" data-full-url=\"https:\/\/www.ortoarrels.es\/wp-content\/uploads\/2020\/09\/webarrels-11.jpg\" data-link=\"https:\/\/www.ortoarrels.es\/?attachment_id=141\" class=\"wp-image-141\" srcset=\"https:\/\/ortoarrels.es\/wp-content\/uploads\/2020\/09\/webarrels-11-1024x683.jpg 1024w, https:\/\/ortoarrels.es\/wp-content\/uploads\/2020\/09\/webarrels-11-350x233.jpg 350w, https:\/\/ortoarrels.es\/wp-content\/uploads\/2020\/09\/webarrels-11-300x200.jpg 300w, https:\/\/ortoarrels.es\/wp-content\/uploads\/2020\/09\/webarrels-11-768x512.jpg 768w, https:\/\/ortoarrels.es\/wp-content\/uploads\/2020\/09\/webarrels-11-1536x1024.jpg 1536w, https:\/\/ortoarrels.es\/wp-content\/uploads\/2020\/09\/webarrels-11.jpg 1920w\" sizes=\"auto, (max-width: 767px) 89vw, (max-width: 1000px) 54vw, (max-width: 1071px) 543px, 580px\" \/><\/figure><\/li><\/ul><\/figure>\n\n\n\n<p>Para grandes patolog\u00edas y deformidades realizamos tambi\u00e9n calzados a medida, fabricados seg\u00fan lo que el paciente requiera, como levantamiento o realces. Adaptamos y\/o fabricamos ortesis y pr\u00f3tesis dise\u00f1adas y\/o prescritas por facultativos  siguiendo las prescripciones y recomendaciones de los m\u00e9dicos especialistas.<\/p>\n\n\n\n<blockquote class=\"wp-block-quote is-style-default is-layout-flow wp-block-quote-is-layout-flow\"><p><em>La combinaci\u00f3n de un buen calzado y unas plantillas ortop\u00e9dicas a medida  que proporcionan un correcto soporte del pie, evitar\u00e1n problemas y posibles lesiones proporcionando la m\u00e1xima comodidad a esos pies que necesitan un cuidado especial.<\/em><\/p><cite>Raquel Armero<\/cite><\/blockquote>\n\n\n\n<h3 class=\"has-text-color wp-block-heading\" style=\"color:#02465a\"><strong>Venta y adaptaci\u00f3n de ayudas t\u00e9cnicas y productos de apoyo orientados a ofrecer soluciones para mejorar la calidad de vida de los usuarios y a sus cuidadores.<\/strong><\/h3>\n\n\n\n<figure class=\"wp-block-image size-large\"><img loading=\"lazy\" decoding=\"async\" width=\"1024\" height=\"683\" src=\"https:\/\/www.ortoarrels.es\/wp-content\/uploads\/2020\/09\/webarrels-8-1024x683.jpg\" alt=\"\" class=\"wp-image-152\" srcset=\"https:\/\/ortoarrels.es\/wp-content\/uploads\/2020\/09\/webarrels-8-1024x683.jpg 1024w, https:\/\/ortoarrels.es\/wp-content\/uploads\/2020\/09\/webarrels-8-350x233.jpg 350w, https:\/\/ortoarrels.es\/wp-content\/uploads\/2020\/09\/webarrels-8-300x200.jpg 300w, https:\/\/ortoarrels.es\/wp-content\/uploads\/2020\/09\/webarrels-8-768x512.jpg 768w, https:\/\/ortoarrels.es\/wp-content\/uploads\/2020\/09\/webarrels-8-1536x1024.jpg 1536w, https:\/\/ortoarrels.es\/wp-content\/uploads\/2020\/09\/webarrels-8.jpg 1920w\" sizes=\"auto, (max-width: 767px) 89vw, (max-width: 1000px) 54vw, (max-width: 1071px) 543px, 580px\" \/><\/figure>\n\n\n\n<h4 class=\"has-text-color wp-block-heading\" style=\"color:#02465a\">MOVILIDAD<\/h4>\n\n\n\n<p>En Arrels Ortopedia  encontrar\u00e1s ayudas para la movilidad (andadores, sillas de ruedas especializadas y sus accesorios, bastones, muletas\u2026)<\/p>\n\n\n\n<figure class=\"wp-block-gallery columns-2 wp-block-gallery-3 is-layout-flex wp-block-gallery-is-layout-flex\"><ul class=\"blocks-gallery-grid\"><li class=\"blocks-gallery-item\"><figure><img loading=\"lazy\" decoding=\"async\" width=\"1024\" height=\"683\" src=\"https:\/\/www.ortoarrels.es\/wp-content\/uploads\/2020\/09\/webarrels-59-1024x683.jpg\" alt=\"\" data-id=\"146\" data-full-url=\"https:\/\/www.ortoarrels.es\/wp-content\/uploads\/2020\/09\/webarrels-59.jpg\" data-link=\"https:\/\/www.ortoarrels.es\/?attachment_id=146\" class=\"wp-image-146\" srcset=\"https:\/\/ortoarrels.es\/wp-content\/uploads\/2020\/09\/webarrels-59-1024x683.jpg 1024w, https:\/\/ortoarrels.es\/wp-content\/uploads\/2020\/09\/webarrels-59-350x233.jpg 350w, https:\/\/ortoarrels.es\/wp-content\/uploads\/2020\/09\/webarrels-59-300x200.jpg 300w, https:\/\/ortoarrels.es\/wp-content\/uploads\/2020\/09\/webarrels-59-768x512.jpg 768w, https:\/\/ortoarrels.es\/wp-content\/uploads\/2020\/09\/webarrels-59-1536x1024.jpg 1536w, https:\/\/ortoarrels.es\/wp-content\/uploads\/2020\/09\/webarrels-59.jpg 1920w\" sizes=\"auto, (max-width: 767px) 89vw, (max-width: 1000px) 54vw, (max-width: 1071px) 543px, 580px\" \/><\/figure><\/li><li class=\"blocks-gallery-item\"><figure><img loading=\"lazy\" decoding=\"async\" width=\"1024\" height=\"683\" src=\"https:\/\/www.ortoarrels.es\/wp-content\/uploads\/2020\/09\/webarrels-58-1024x683.jpg\" alt=\"\" data-id=\"147\" data-full-url=\"https:\/\/www.ortoarrels.es\/wp-content\/uploads\/2020\/09\/webarrels-58.jpg\" data-link=\"https:\/\/www.ortoarrels.es\/?attachment_id=147\" class=\"wp-image-147\" srcset=\"https:\/\/ortoarrels.es\/wp-content\/uploads\/2020\/09\/webarrels-58-1024x683.jpg 1024w, https:\/\/ortoarrels.es\/wp-content\/uploads\/2020\/09\/webarrels-58-350x233.jpg 350w, https:\/\/ortoarrels.es\/wp-content\/uploads\/2020\/09\/webarrels-58-300x200.jpg 300w, https:\/\/ortoarrels.es\/wp-content\/uploads\/2020\/09\/webarrels-58-768x512.jpg 768w, https:\/\/ortoarrels.es\/wp-content\/uploads\/2020\/09\/webarrels-58-1536x1024.jpg 1536w, https:\/\/ortoarrels.es\/wp-content\/uploads\/2020\/09\/webarrels-58.jpg 1920w\" sizes=\"auto, (max-width: 767px) 89vw, (max-width: 1000px) 54vw, (max-width: 1071px) 543px, 580px\" \/><\/figure><\/li><li class=\"blocks-gallery-item\"><figure><img loading=\"lazy\" decoding=\"async\" width=\"1024\" height=\"683\" src=\"https:\/\/www.ortoarrels.es\/wp-content\/uploads\/2020\/09\/webarrels-15-1024x683.jpg\" alt=\"\" data-id=\"153\" data-full-url=\"https:\/\/www.ortoarrels.es\/wp-content\/uploads\/2020\/09\/webarrels-15.jpg\" data-link=\"https:\/\/www.ortoarrels.es\/?attachment_id=153\" class=\"wp-image-153\" srcset=\"https:\/\/ortoarrels.es\/wp-content\/uploads\/2020\/09\/webarrels-15-1024x683.jpg 1024w, https:\/\/ortoarrels.es\/wp-content\/uploads\/2020\/09\/webarrels-15-350x233.jpg 350w, https:\/\/ortoarrels.es\/wp-content\/uploads\/2020\/09\/webarrels-15-300x200.jpg 300w, https:\/\/ortoarrels.es\/wp-content\/uploads\/2020\/09\/webarrels-15-768x512.jpg 768w, https:\/\/ortoarrels.es\/wp-content\/uploads\/2020\/09\/webarrels-15-1536x1024.jpg 1536w, https:\/\/ortoarrels.es\/wp-content\/uploads\/2020\/09\/webarrels-15.jpg 1920w\" sizes=\"auto, (max-width: 767px) 89vw, (max-width: 1000px) 54vw, (max-width: 1071px) 543px, 580px\" \/><\/figure><\/li><li class=\"blocks-gallery-item\"><figure><img loading=\"lazy\" decoding=\"async\" width=\"1024\" height=\"683\" src=\"https:\/\/www.ortoarrels.es\/wp-content\/uploads\/2020\/09\/webarrels-31-1024x683.jpg\" alt=\"\" data-id=\"148\" data-full-url=\"https:\/\/www.ortoarrels.es\/wp-content\/uploads\/2020\/09\/webarrels-31.jpg\" data-link=\"https:\/\/www.ortoarrels.es\/?attachment_id=148\" class=\"wp-image-148\" srcset=\"https:\/\/ortoarrels.es\/wp-content\/uploads\/2020\/09\/webarrels-31-1024x683.jpg 1024w, https:\/\/ortoarrels.es\/wp-content\/uploads\/2020\/09\/webarrels-31-350x233.jpg 350w, https:\/\/ortoarrels.es\/wp-content\/uploads\/2020\/09\/webarrels-31-300x200.jpg 300w, https:\/\/ortoarrels.es\/wp-content\/uploads\/2020\/09\/webarrels-31-768x512.jpg 768w, https:\/\/ortoarrels.es\/wp-content\/uploads\/2020\/09\/webarrels-31-1536x1024.jpg 1536w, https:\/\/ortoarrels.es\/wp-content\/uploads\/2020\/09\/webarrels-31.jpg 1920w\" sizes=\"auto, (max-width: 767px) 89vw, (max-width: 1000px) 54vw, (max-width: 1071px) 543px, 580px\" \/><\/figure><\/li><li class=\"blocks-gallery-item\"><figure><img loading=\"lazy\" decoding=\"async\" width=\"683\" height=\"1024\" src=\"https:\/\/www.ortoarrels.es\/wp-content\/uploads\/2020\/09\/webarrels-22-683x1024.jpg\" alt=\"\" data-id=\"149\" data-full-url=\"https:\/\/www.ortoarrels.es\/wp-content\/uploads\/2020\/09\/webarrels-22.jpg\" data-link=\"https:\/\/www.ortoarrels.es\/?attachment_id=149\" class=\"wp-image-149\" srcset=\"https:\/\/ortoarrels.es\/wp-content\/uploads\/2020\/09\/webarrels-22-683x1024.jpg 683w, https:\/\/ortoarrels.es\/wp-content\/uploads\/2020\/09\/webarrels-22-350x525.jpg 350w, https:\/\/ortoarrels.es\/wp-content\/uploads\/2020\/09\/webarrels-22-200x300.jpg 200w, https:\/\/ortoarrels.es\/wp-content\/uploads\/2020\/09\/webarrels-22-768x1152.jpg 768w, https:\/\/ortoarrels.es\/wp-content\/uploads\/2020\/09\/webarrels-22-1024x1536.jpg 1024w, https:\/\/ortoarrels.es\/wp-content\/uploads\/2020\/09\/webarrels-22.jpg 1280w\" sizes=\"auto, (max-width: 683px) 100vw, 683px\" \/><\/figure><\/li><li class=\"blocks-gallery-item\"><figure><img loading=\"lazy\" decoding=\"async\" width=\"683\" height=\"1024\" src=\"https:\/\/www.ortoarrels.es\/wp-content\/uploads\/2020\/09\/webarrels-18-683x1024.jpg\" alt=\"\" data-id=\"151\" data-full-url=\"https:\/\/www.ortoarrels.es\/wp-content\/uploads\/2020\/09\/webarrels-18.jpg\" data-link=\"https:\/\/www.ortoarrels.es\/?attachment_id=151\" class=\"wp-image-151\" srcset=\"https:\/\/ortoarrels.es\/wp-content\/uploads\/2020\/09\/webarrels-18-683x1024.jpg 683w, https:\/\/ortoarrels.es\/wp-content\/uploads\/2020\/09\/webarrels-18-350x525.jpg 350w, https:\/\/ortoarrels.es\/wp-content\/uploads\/2020\/09\/webarrels-18-200x300.jpg 200w, https:\/\/ortoarrels.es\/wp-content\/uploads\/2020\/09\/webarrels-18-768x1152.jpg 768w, https:\/\/ortoarrels.es\/wp-content\/uploads\/2020\/09\/webarrels-18-1024x1536.jpg 1024w, https:\/\/ortoarrels.es\/wp-content\/uploads\/2020\/09\/webarrels-18.jpg 1280w\" sizes=\"auto, (max-width: 683px) 100vw, 683px\" \/><\/figure><\/li><li class=\"blocks-gallery-item\"><figure><img loading=\"lazy\" decoding=\"async\" width=\"1024\" height=\"683\" src=\"https:\/\/www.ortoarrels.es\/wp-content\/uploads\/2020\/09\/webarrels-4-1024x683.jpg\" alt=\"\" data-id=\"154\" data-full-url=\"https:\/\/www.ortoarrels.es\/wp-content\/uploads\/2020\/09\/webarrels-4.jpg\" data-link=\"https:\/\/www.ortoarrels.es\/?attachment_id=154\" class=\"wp-image-154\" srcset=\"https:\/\/ortoarrels.es\/wp-content\/uploads\/2020\/09\/webarrels-4-1024x683.jpg 1024w, https:\/\/ortoarrels.es\/wp-content\/uploads\/2020\/09\/webarrels-4-350x233.jpg 350w, https:\/\/ortoarrels.es\/wp-content\/uploads\/2020\/09\/webarrels-4-300x200.jpg 300w, https:\/\/ortoarrels.es\/wp-content\/uploads\/2020\/09\/webarrels-4-768x512.jpg 768w, https:\/\/ortoarrels.es\/wp-content\/uploads\/2020\/09\/webarrels-4-1536x1024.jpg 1536w, https:\/\/ortoarrels.es\/wp-content\/uploads\/2020\/09\/webarrels-4.jpg 1920w\" sizes=\"auto, (max-width: 767px) 89vw, (max-width: 1000px) 54vw, (max-width: 1071px) 543px, 580px\" \/><\/figure><\/li><\/ul><\/figure>\n\n\n\n<h4 class=\"has-text-color wp-block-heading\" style=\"color:#02465a\">AYUDAS PARA EL ASEO<\/h4>\n\n\n\n<p>Sillas para ducha, asientos ba\u00f1era, alzas de WC, lavacabezas, asideras\u2026<\/p>\n\n\n\n<figure class=\"wp-block-gallery columns-2 is-cropped wp-block-gallery-4 is-layout-flex wp-block-gallery-is-layout-flex\"><ul class=\"blocks-gallery-grid\"><li class=\"blocks-gallery-item\"><figure><img loading=\"lazy\" decoding=\"async\" width=\"683\" height=\"1024\" src=\"https:\/\/www.ortoarrels.es\/wp-content\/uploads\/2020\/09\/webarrels-38-683x1024.jpg\" alt=\"\" data-id=\"155\" data-full-url=\"https:\/\/www.ortoarrels.es\/wp-content\/uploads\/2020\/09\/webarrels-38.jpg\" data-link=\"https:\/\/www.ortoarrels.es\/?attachment_id=155\" class=\"wp-image-155\" srcset=\"https:\/\/ortoarrels.es\/wp-content\/uploads\/2020\/09\/webarrels-38-683x1024.jpg 683w, https:\/\/ortoarrels.es\/wp-content\/uploads\/2020\/09\/webarrels-38-350x525.jpg 350w, https:\/\/ortoarrels.es\/wp-content\/uploads\/2020\/09\/webarrels-38-200x300.jpg 200w, https:\/\/ortoarrels.es\/wp-content\/uploads\/2020\/09\/webarrels-38-768x1152.jpg 768w, https:\/\/ortoarrels.es\/wp-content\/uploads\/2020\/09\/webarrels-38-1024x1536.jpg 1024w, https:\/\/ortoarrels.es\/wp-content\/uploads\/2020\/09\/webarrels-38.jpg 1280w\" sizes=\"auto, (max-width: 683px) 100vw, 683px\" \/><\/figure><\/li><li class=\"blocks-gallery-item\"><figure><img loading=\"lazy\" decoding=\"async\" width=\"683\" height=\"1024\" src=\"https:\/\/www.ortoarrels.es\/wp-content\/uploads\/2020\/09\/webarrels-37-683x1024.jpg\" alt=\"\" data-id=\"156\" data-full-url=\"https:\/\/www.ortoarrels.es\/wp-content\/uploads\/2020\/09\/webarrels-37.jpg\" data-link=\"https:\/\/www.ortoarrels.es\/?attachment_id=156\" class=\"wp-image-156\" srcset=\"https:\/\/ortoarrels.es\/wp-content\/uploads\/2020\/09\/webarrels-37-683x1024.jpg 683w, https:\/\/ortoarrels.es\/wp-content\/uploads\/2020\/09\/webarrels-37-350x525.jpg 350w, https:\/\/ortoarrels.es\/wp-content\/uploads\/2020\/09\/webarrels-37-200x300.jpg 200w, https:\/\/ortoarrels.es\/wp-content\/uploads\/2020\/09\/webarrels-37-768x1152.jpg 768w, https:\/\/ortoarrels.es\/wp-content\/uploads\/2020\/09\/webarrels-37-1024x1536.jpg 1024w, https:\/\/ortoarrels.es\/wp-content\/uploads\/2020\/09\/webarrels-37.jpg 1280w\" sizes=\"auto, (max-width: 683px) 100vw, 683px\" \/><\/figure><\/li><\/ul><\/figure>\n\n\n\n<h4 class=\"has-text-color wp-block-heading\" style=\"color:#02465a\">PRODUCTOS PARA LA VIDA DIARIA<\/h4>\n\n\n\n<p>Productos antiescaras (colchones, sobrecolchones, asientos, taloneras, coderas, sillones\u2026) pastilleros, pinzas de alcance, gr\u00faas domiciliarias para traslado de pacientes&#8230; Cons\u00faltanos  y te ayudaremos a encontrar la mejor soluci\u00f3n para mejorar tu d\u00eda a d\u00eda.<\/p>\n\n\n\n<h4 class=\"has-text-color wp-block-heading\" style=\"color:#02465a\">ORTESIS<\/h4>\n\n\n\n<p>Ortesis deportivas: Disponemos de ortesis funcionales para miembros superiores, inferiores, tronco, as\u00ed como plantillas a medida para corregir la pisada.<\/p>\n\n\n\n<figure class=\"wp-block-gallery columns-1 wp-block-gallery-5 is-layout-flex wp-block-gallery-is-layout-flex\"><ul class=\"blocks-gallery-grid\"><li class=\"blocks-gallery-item\"><figure><img loading=\"lazy\" decoding=\"async\" width=\"1024\" height=\"683\" src=\"https:\/\/www.ortoarrels.es\/wp-content\/uploads\/2020\/09\/ARRELS-18-1024x683.jpg\" alt=\"\" data-id=\"157\" class=\"wp-image-157\" srcset=\"https:\/\/ortoarrels.es\/wp-content\/uploads\/2020\/09\/ARRELS-18-1024x683.jpg 1024w, https:\/\/ortoarrels.es\/wp-content\/uploads\/2020\/09\/ARRELS-18-350x233.jpg 350w, https:\/\/ortoarrels.es\/wp-content\/uploads\/2020\/09\/ARRELS-18-300x200.jpg 300w, https:\/\/ortoarrels.es\/wp-content\/uploads\/2020\/09\/ARRELS-18-768x512.jpg 768w, https:\/\/ortoarrels.es\/wp-content\/uploads\/2020\/09\/ARRELS-18-1536x1024.jpg 1536w, https:\/\/ortoarrels.es\/wp-content\/uploads\/2020\/09\/ARRELS-18.jpg 1920w\" sizes=\"auto, (max-width: 767px) 89vw, (max-width: 1000px) 54vw, (max-width: 1071px) 543px, 580px\" \/><\/figure><\/li><li class=\"blocks-gallery-item\"><figure><img loading=\"lazy\" decoding=\"async\" width=\"683\" height=\"1024\" src=\"https:\/\/www.ortoarrels.es\/wp-content\/uploads\/2020\/09\/ARRELS-14-683x1024.jpg\" alt=\"\" data-id=\"158\" data-full-url=\"https:\/\/www.ortoarrels.es\/wp-content\/uploads\/2020\/09\/ARRELS-14.jpg\" data-link=\"https:\/\/www.ortoarrels.es\/?attachment_id=158\" class=\"wp-image-158\" srcset=\"https:\/\/ortoarrels.es\/wp-content\/uploads\/2020\/09\/ARRELS-14-683x1024.jpg 683w, https:\/\/ortoarrels.es\/wp-content\/uploads\/2020\/09\/ARRELS-14-350x525.jpg 350w, https:\/\/ortoarrels.es\/wp-content\/uploads\/2020\/09\/ARRELS-14-200x300.jpg 200w, https:\/\/ortoarrels.es\/wp-content\/uploads\/2020\/09\/ARRELS-14-768x1152.jpg 768w, https:\/\/ortoarrels.es\/wp-content\/uploads\/2020\/09\/ARRELS-14-1024x1536.jpg 1024w, https:\/\/ortoarrels.es\/wp-content\/uploads\/2020\/09\/ARRELS-14.jpg 1280w\" sizes=\"auto, (max-width: 683px) 100vw, 683px\" \/><\/figure><\/li><\/ul><\/figure>\n\n\n\n<p>Ortesis prefabricadas que con una correcta adaptaci\u00f3n al paciente dan un resultado excelente:<\/p>\n\n\n\n<p>Miembro inferior: ortesis funcionales de rodilla y de tobillo, ortesis correctoras, musleras, pantorrilleras, ortesis para inmovilizar, antiequinos, cinchas rotulianas&#8230; Ortesis enfocadas principalmente a la rehabilitacion de lesiones, estabilizar, corregir, proteger o dar funcionalidad.<\/p>\n\n\n\n<figure class=\"wp-block-image size-large\"><img loading=\"lazy\" decoding=\"async\" width=\"1024\" height=\"683\" src=\"https:\/\/www.ortoarrels.es\/wp-content\/uploads\/2020\/09\/webarrels-41-1024x683.jpg\" alt=\"\" class=\"wp-image-159\" srcset=\"https:\/\/ortoarrels.es\/wp-content\/uploads\/2020\/09\/webarrels-41-1024x683.jpg 1024w, https:\/\/ortoarrels.es\/wp-content\/uploads\/2020\/09\/webarrels-41-350x233.jpg 350w, https:\/\/ortoarrels.es\/wp-content\/uploads\/2020\/09\/webarrels-41-300x200.jpg 300w, https:\/\/ortoarrels.es\/wp-content\/uploads\/2020\/09\/webarrels-41-768x512.jpg 768w, https:\/\/ortoarrels.es\/wp-content\/uploads\/2020\/09\/webarrels-41-1536x1024.jpg 1536w, https:\/\/ortoarrels.es\/wp-content\/uploads\/2020\/09\/webarrels-41.jpg 1920w\" sizes=\"auto, (max-width: 767px) 89vw, (max-width: 1000px) 54vw, (max-width: 1071px) 543px, 580px\" \/><\/figure>\n\n\n\n<p>Miembro superior: estabilizadores e inmovilizadores de hombro, codo, mu\u00f1eca, pulgar, coderas para epicondilitis, f\u00e9rulas digitales, ortesis funcionales, brace articulados \u2026<\/p>\n\n\n\n<figure class=\"wp-block-image size-large\"><img loading=\"lazy\" decoding=\"async\" width=\"1024\" height=\"683\" src=\"https:\/\/www.ortoarrels.es\/wp-content\/uploads\/2020\/09\/webarrels-29-1024x683.jpg\" alt=\"\" class=\"wp-image-160\" srcset=\"https:\/\/ortoarrels.es\/wp-content\/uploads\/2020\/09\/webarrels-29-1024x683.jpg 1024w, https:\/\/ortoarrels.es\/wp-content\/uploads\/2020\/09\/webarrels-29-350x233.jpg 350w, https:\/\/ortoarrels.es\/wp-content\/uploads\/2020\/09\/webarrels-29-300x200.jpg 300w, https:\/\/ortoarrels.es\/wp-content\/uploads\/2020\/09\/webarrels-29-768x512.jpg 768w, https:\/\/ortoarrels.es\/wp-content\/uploads\/2020\/09\/webarrels-29-1536x1024.jpg 1536w, https:\/\/ortoarrels.es\/wp-content\/uploads\/2020\/09\/webarrels-29.jpg 1920w\" sizes=\"auto, (max-width: 767px) 89vw, (max-width: 1000px) 54vw, (max-width: 1071px) 543px, 580px\" \/><\/figure>\n\n\n\n<p>Tronco: Fajas sacrolumbares, dorsolumbares, tirantes, en diferentes durezas (el\u00e1sticas, semirr\u00edgidas y r\u00edgidas) seg\u00fan diagn\u00f3stico, inmovilizadores de clav\u00edcula, collarines cervicales de diferentes materiales, cors\u00e9s prefabricados o hechos a medida previo molde para diferentes tratamientos, ortesis dorsolumbares para Osteoporosis, marco de Jewett, productos de mastectom\u00eda&#8230;<\/p>\n\n\n\n<figure class=\"wp-block-image size-large\"><img loading=\"lazy\" decoding=\"async\" width=\"683\" height=\"1024\" src=\"https:\/\/www.ortoarrels.es\/wp-content\/uploads\/2020\/09\/webarrels-42-683x1024.jpg\" alt=\"\" class=\"wp-image-161\" srcset=\"https:\/\/ortoarrels.es\/wp-content\/uploads\/2020\/09\/webarrels-42-683x1024.jpg 683w, https:\/\/ortoarrels.es\/wp-content\/uploads\/2020\/09\/webarrels-42-350x525.jpg 350w, https:\/\/ortoarrels.es\/wp-content\/uploads\/2020\/09\/webarrels-42-200x300.jpg 200w, https:\/\/ortoarrels.es\/wp-content\/uploads\/2020\/09\/webarrels-42-768x1152.jpg 768w, https:\/\/ortoarrels.es\/wp-content\/uploads\/2020\/09\/webarrels-42-1024x1536.jpg 1024w, https:\/\/ortoarrels.es\/wp-content\/uploads\/2020\/09\/webarrels-42.jpg 1280w\" sizes=\"auto, (max-width: 683px) 100vw, 683px\" \/><\/figure>\n\n\n\n<p>\u00a0En Arrels Ortopedia tambi\u00e9n fabricamos Ortesis a medida siguiendo las pautas de los especialistas. Ortesis de tronco a medida (cors\u00e9) para Escoliosis o Cifosis. Diferentes dise\u00f1os personalizados dependiendo del tipo de curvaturas y\/o fracturas, rodilleras, ortesis plantares como DAFOs, f\u00e9rulas de mano, antebrazo, brazo y h\u00famero.<\/p>\n\n\n\n<h4 class=\"has-text-color wp-block-heading\" style=\"color:#02465a\">PR\u00d3TESIS MAMARIAS<\/h4>\n\n\n\n<p>Adaptamos pr\u00f3tesis mamarias al tama\u00f1o, medidas y formas que mejor se adecuen a tu cuerpo, eligiendo entre los distintos tipos de pr\u00f3tesis ligeras para que te sientas lo m\u00e1s c\u00f3moda posible.<\/p>\n\n\n\n<h4 class=\"has-text-color wp-block-heading\" style=\"color:#02465a\">MEDIAS DE COMPRESI\u00d3N<\/h4>\n\n\n\n<figure class=\"wp-block-image size-large\"><img loading=\"lazy\" decoding=\"async\" width=\"1024\" height=\"683\" src=\"https:\/\/www.ortoarrels.es\/wp-content\/uploads\/2021\/03\/quienes-somosc-10-1024x683.jpg\" alt=\"\" class=\"wp-image-189\" srcset=\"https:\/\/ortoarrels.es\/wp-content\/uploads\/2021\/03\/quienes-somosc-10-1024x683.jpg 1024w, https:\/\/ortoarrels.es\/wp-content\/uploads\/2021\/03\/quienes-somosc-10-350x233.jpg 350w, https:\/\/ortoarrels.es\/wp-content\/uploads\/2021\/03\/quienes-somosc-10-300x200.jpg 300w, https:\/\/ortoarrels.es\/wp-content\/uploads\/2021\/03\/quienes-somosc-10-768x512.jpg 768w, https:\/\/ortoarrels.es\/wp-content\/uploads\/2021\/03\/quienes-somosc-10-1536x1024.jpg 1536w, https:\/\/ortoarrels.es\/wp-content\/uploads\/2021\/03\/quienes-somosc-10.jpg 1920w\" sizes=\"auto, (max-width: 767px) 89vw, (max-width: 1000px) 54vw, (max-width: 1071px) 543px, 580px\" \/><\/figure>\n\n\n\n<p>Las medias de compresi\u00f3n m\u00e9dica se utilizan como tratamiento de la insuficiencia venosa y\/o linf\u00e1tica, que es la enfermedad vascular que afecta a las arterias o venas y al sistema linf\u00e1tico. Las medias ayudan a prevenir o tratar dicha insuficiencia haciendo una compresi\u00f3n gradual de m\u00e1s fuerte a la altura del tobillo a m\u00e1s d\u00e9bil en la parte m\u00e1s alta, para ayudar al retorno venoso.<\/p>\n\n\n\n<p>Existen varias compresiones seg\u00fan cuadro cl\u00ednico y tallas o, incluso, se fabrican a medida.<\/p>\n\n\n\n<p>Por otra parte las prendas de compresi\u00f3n est\u00e1n indicadas para modificar las enfermedades venosas, lipoedema, linfedema, tromboprofilaxis&#8230;, y existen numerosas variantes ya que es un producto de fabricaci\u00f3n a medida adaptable a cualquier parte del cuerpo d\u00f3nde sea necesaria una compresi\u00f3n.<\/p>\n\n\n\n<h4 class=\"has-text-color wp-block-heading\" style=\"color:#02465a\">DESCANSO<\/h4>\n\n\n\n<p>Camas articuladas sin o con carro elevador, barandillas, s\u00e1banas antipa\u00f1al\u2026<\/p>\n\n\n\n<figure class=\"wp-block-image size-large\"><img loading=\"lazy\" decoding=\"async\" width=\"1024\" height=\"683\" src=\"https:\/\/www.ortoarrels.es\/wp-content\/uploads\/2021\/03\/webarrels-59-1024x683.jpg\" alt=\"\" class=\"wp-image-190\" srcset=\"https:\/\/ortoarrels.es\/wp-content\/uploads\/2021\/03\/webarrels-59-1024x683.jpg 1024w, https:\/\/ortoarrels.es\/wp-content\/uploads\/2021\/03\/webarrels-59-350x233.jpg 350w, https:\/\/ortoarrels.es\/wp-content\/uploads\/2021\/03\/webarrels-59-300x200.jpg 300w, https:\/\/ortoarrels.es\/wp-content\/uploads\/2021\/03\/webarrels-59-768x512.jpg 768w, https:\/\/ortoarrels.es\/wp-content\/uploads\/2021\/03\/webarrels-59-1536x1024.jpg 1536w, https:\/\/ortoarrels.es\/wp-content\/uploads\/2021\/03\/webarrels-59.jpg 1920w\" sizes=\"auto, (max-width: 767px) 89vw, (max-width: 1000px) 54vw, (max-width: 1071px) 543px, 580px\" \/><\/figure>\n\n\n\n<h4 class=\"has-text-color wp-block-heading\" style=\"color:#02465a\">SERVICIO DE ALQUILER<\/h4>\n\n\n\n<p>Preg\u00fantanos  por nuestro servicio de alquiler de gr\u00faas, sillas de ruedas, camas articuladas, andadores&#8230;<\/p>\n\n\n\n<h3 class=\"has-text-color wp-block-heading\" style=\"color:#02465a\"><strong>Asesoramiento, valoraci\u00f3n y servicio Posventa&#8230; <\/strong><\/h3>\n\n\n\n<figure class=\"wp-block-image size-large\"><img loading=\"lazy\" decoding=\"async\" width=\"683\" height=\"1024\" src=\"https:\/\/www.ortoarrels.es\/wp-content\/uploads\/2020\/09\/webarrels-7-683x1024.jpg\" alt=\"\" class=\"wp-image-163\" srcset=\"https:\/\/ortoarrels.es\/wp-content\/uploads\/2020\/09\/webarrels-7-683x1024.jpg 683w, https:\/\/ortoarrels.es\/wp-content\/uploads\/2020\/09\/webarrels-7-350x525.jpg 350w, https:\/\/ortoarrels.es\/wp-content\/uploads\/2020\/09\/webarrels-7-200x300.jpg 200w, https:\/\/ortoarrels.es\/wp-content\/uploads\/2020\/09\/webarrels-7-768x1152.jpg 768w, https:\/\/ortoarrels.es\/wp-content\/uploads\/2020\/09\/webarrels-7-1024x1536.jpg 1024w, https:\/\/ortoarrels.es\/wp-content\/uploads\/2020\/09\/webarrels-7.jpg 1280w\" sizes=\"auto, (max-width: 683px) 100vw, 683px\" \/><\/figure>\n\n\n\n<p>En Arrels Ortopedia nos centramos en ti. Ofrecemos a nuestros pacientes un asesoramiento personalizado, valoramos cada caso, seleccionamos el producto indicado, tomamos las medidas, lo adaptamos si es necesario, y se lo entregamos al paciente con una demostraci\u00f3n clara y sencilla, resolviendo todas sus posibles dudas.<\/p>\n\n\n\n<p>Desde nuestro servicio posventa realizamos todos los ajustes necesarios para una total adaptaci\u00f3n y personalizaci\u00f3n de los productos en funci\u00f3n de las necesidades de cada persona, teniendo en cuenta las condiciones de uso.<\/p>\n\n\n\n<div class=\"wp-block-image\"><figure class=\"aligncenter size-large is-resized\"><img loading=\"lazy\" decoding=\"async\" src=\"https:\/\/ortoarrels.es\/wp-content\/uploads\/2017\/09\/logo-cuadrado.jpg\" alt=\"\" class=\"wp-image-35\" width=\"182\" height=\"182\" srcset=\"https:\/\/ortoarrels.es\/wp-content\/uploads\/2017\/09\/logo-cuadrado.jpg 915w, https:\/\/ortoarrels.es\/wp-content\/uploads\/2017\/09\/logo-cuadrado-100x100.jpg 100w, https:\/\/ortoarrels.es\/wp-content\/uploads\/2017\/09\/logo-cuadrado-350x350.jpg 350w, https:\/\/ortoarrels.es\/wp-content\/uploads\/2017\/09\/logo-cuadrado-150x150.jpg 150w, https:\/\/ortoarrels.es\/wp-content\/uploads\/2017\/09\/logo-cuadrado-300x300.jpg 300w, https:\/\/ortoarrels.es\/wp-content\/uploads\/2017\/09\/logo-cuadrado-768x768.jpg 768w, https:\/\/ortoarrels.es\/wp-content\/uploads\/2017\/09\/logo-cuadrado-250x250.jpg 250w, https:\/\/ortoarrels.es\/wp-content\/uploads\/2017\/09\/logo-cuadrado-500x500.jpg 500w\" sizes=\"auto, (max-width: 182px) 100vw, 182px\" \/><\/figure><\/div>\n\n\n\n<p>Arrels Ortopedia colabora con organismos p\u00fablicos y privados (MUFACE, ISFAS, MUGEJU&#8230; ) como la Conseller\u00eda de Sanidad Universal y Salud P\u00fablica y ofrecemos el servicio de Red VALort que supone recuperar y revalorizar art\u00edculos ortoprot\u00e9sicos susceptibles de ser reutilizados.<\/p>\n\n\n\n<figure class=\"wp-block-image size-large\"><img loading=\"lazy\" decoding=\"async\" width=\"917\" height=\"893\" src=\"https:\/\/www.ortoarrels.es\/wp-content\/uploads\/2020\/09\/60010927_1666914876785803_1378321392595894272_n.png\" alt=\"\" class=\"wp-image-164\" srcset=\"https:\/\/ortoarrels.es\/wp-content\/uploads\/2020\/09\/60010927_1666914876785803_1378321392595894272_n.png 917w, https:\/\/ortoarrels.es\/wp-content\/uploads\/2020\/09\/60010927_1666914876785803_1378321392595894272_n-350x341.png 350w, https:\/\/ortoarrels.es\/wp-content\/uploads\/2020\/09\/60010927_1666914876785803_1378321392595894272_n-300x292.png 300w, https:\/\/ortoarrels.es\/wp-content\/uploads\/2020\/09\/60010927_1666914876785803_1378321392595894272_n-768x748.png 768w\" sizes=\"auto, (max-width: 767px) 89vw, (max-width: 1000px) 54vw, (max-width: 1071px) 543px, 580px\" \/><\/figure>\n\n\n\n<p>Adem\u00e1s te ayudamos con la tramitaci\u00f3n de la prescripci\u00f3n de material ortoprot\u00e9sico y posterior entrega a la Direcci\u00f3n Territorial de Sanidad. Al ser proveedores de productos ortoprot\u00e9sicos y gestionamos la devoluci\u00f3n del copago para que los clientes no tengan que desplazarse y facilitar as\u00ed este tr\u00e1mite.<\/p>\n\n\n\n<p>CONSULTA AQU\u00cd EL CAT\u00c1LOGO DE PRESTACIONES ORTOPROT\u00c9SICAS 2020 PARA LA COMUNIDAD VALENCIANA<\/p>\n\n\n\n<figure class=\"wp-block-image size-large\"><a href=\"http:\/\/www.san.gva.es\/documents\/152919\/157902\/Catalogo+exos+11+junio+2020\"><img loading=\"lazy\" decoding=\"async\" width=\"1024\" height=\"156\" src=\"https:\/\/www.ortoarrels.es\/wp-content\/uploads\/2021\/04\/boton-web1-1024x156.png\" alt=\"\" class=\"wp-image-203\" srcset=\"https:\/\/ortoarrels.es\/wp-content\/uploads\/2021\/04\/boton-web1-1024x156.png 1024w, https:\/\/ortoarrels.es\/wp-content\/uploads\/2021\/04\/boton-web1-350x53.png 350w, https:\/\/ortoarrels.es\/wp-content\/uploads\/2021\/04\/boton-web1-300x46.png 300w, https:\/\/ortoarrels.es\/wp-content\/uploads\/2021\/04\/boton-web1-768x117.png 768w, https:\/\/ortoarrels.es\/wp-content\/uploads\/2021\/04\/boton-web1.png 1424w\" sizes=\"auto, (max-width: 767px) 89vw, (max-width: 1000px) 54vw, (max-width: 1071px) 543px, 580px\" \/><\/a><\/figure>\n","protected":false},"excerpt":{"rendered":"<p>Ortesis plantares personalizadas a medida y fabricadas en nuestro taller a partir del estudio de la pisada. Tenemos en cuenta las necesidades espec\u00edficas de cada paciente, adaptando en cada caso los dise\u00f1os y materiales. Confeccionamos una amplia gama de dise\u00f1os para tratar una gran variedad de patolog\u00edas, tales como: metatarsalgias, fascitis plantar, espol\u00f3n calc\u00e1neo, pronaci\u00f3n, &hellip; <\/p>\n<p class=\"link-more\"><a href=\"https:\/\/ortoarrels.es\/index.php\/productos-y-servicios\/\" class=\"more-link\">Continuar leyendo<span class=\"screen-reader-text\"> \u00abProductos y Servicios\u00bb<\/span><\/a><\/p>\n","protected":false},"author":1,"featured_media":0,"parent":0,"menu_order":2,"comment_status":"closed","ping_status":"closed","template":"","meta":{"footnotes":""},"class_list":["post-127","page","type-page","status-publish","hentry"],"_links":{"self":[{"href":"https:\/\/ortoarrels.es\/index.php\/wp-json\/wp\/v2\/pages\/127","targetHints":{"allow":["GET"]}}],"collection":[{"href":"https:\/\/ortoarrels.es\/index.php\/wp-json\/wp\/v2\/pages"}],"about":[{"href":"https:\/\/ortoarrels.es\/index.php\/wp-json\/wp\/v2\/types\/page"}],"author":[{"embeddable":true,"href":"https:\/\/ortoarrels.es\/index.php\/wp-json\/wp\/v2\/users\/1"}],"replies":[{"embeddable":true,"href":"https:\/\/ortoarrels.es\/index.php\/wp-json\/wp\/v2\/comments?post=127"}],"version-history":[{"count":16,"href":"https:\/\/ortoarrels.es\/index.php\/wp-json\/wp\/v2\/pages\/127\/revisions"}],"predecessor-version":[{"id":233,"href":"https:\/\/ortoarrels.es\/index.php\/wp-json\/wp\/v2\/pages\/127\/revisions\/233"}],"wp:attachment":[{"href":"https:\/\/ortoarrels.es\/index.php\/wp-json\/wp\/v2\/media?parent=127"}],"curies":[{"name":"wp","href":"https:\/\/api.w.org\/{rel}","templated":true}]}}